{"id":3292,"date":"2025-06-15T15:32:44","date_gmt":"2025-06-15T13:32:44","guid":{"rendered":"https:\/\/maghrebalghad.com\/?page_id=3292"},"modified":"2025-06-15T16:56:59","modified_gmt":"2025-06-15T14:56:59","slug":"a-propos-de-maghreb-al-ghad","status":"publish","type":"page","link":"https:\/\/maghrebalghad.com\/en\/a-propos-de-maghreb-al-ghad\/","title":{"rendered":"\u00c0 PROPOS DE MAGHREB AL GHAD\u00a0"},"content":{"rendered":"<div data-elementor-type=\"wp-page\" data-elementor-id=\"3292\" class=\"elementor elementor-3292\">\n\t\t\t\t<div class=\"elementor-element elementor-element-d37925e e-flex e-con-boxed e-con e-parent\" data-id=\"d37925e\" data-element_type=\"container\" data-settings=\"{&quot;background_background&quot;:&quot;classic&quot;}\">\n\t\t\t\t\t<div class=\"e-con-inner\">\n\t\t<div class=\"elementor-element elementor-element-f4fe8f1 e-con-full e-flex e-con e-child\" data-id=\"f4fe8f1\" data-element_type=\"container\">\n\t\t\t\t<div class=\"elementor-element elementor-element-a1821cc elementor-widget elementor-widget-heading\" data-id=\"a1821cc\" data-element_type=\"widget\" data-widget_type=\"heading.default\">\n\t\t\t\t<div class=\"elementor-widget-container\">\n\t\t\t\t\t<h2 class=\"elementor-heading-title elementor-size-default\">\u00c0 PROPOS DE MAGHREB AL GHAD <\/h2>\t\t\t\t<\/div>\n\t\t\t\t<\/div>\n\t\t\t\t<div class=\"elementor-element elementor-element-c8bc5f8 elementor-widget elementor-widget-text-editor\" data-id=\"c8bc5f8\" data-element_type=\"widget\" data-widget_type=\"text-editor.default\">\n\t\t\t\t<div class=\"elementor-widget-container\">\n\t\t\t\t\t\t\t\t\t<p><strong>Maghreb Al Ghad<\/strong> est une initiative citoyenne marocaine qui f\u00e9d\u00e8re des comp\u00e9tences, des expertises et des volont\u00e9s engag\u00e9es au service du d\u00e9veloppement du Royaume. Elle s\u2019inscrit dans l\u2019esprit du <strong>Nouveau Mod\u00e8le de D\u00e9veloppement (NMD)<\/strong> et entend contribuer, \u00e0 son \u00e9chelle, \u00e0 faire \u00e9merger un Maroc moderne, solidaire et durable.<\/p><p>\u00c0 travers des p\u00f4les d\u2019action strat\u00e9giques, nous ambitionnons de cr\u00e9er une dynamique positive autour de la jeunesse, de l\u2019innovation, de l\u2019\u00e9cologie, de la citoyennet\u00e9 et de la valorisation du patrimoine national. Le projet se distingue par une approche transversale, participative et orient\u00e9e prioritairement vers des retomb\u00e9es sociales.<\/p>\t\t\t\t\t\t\t\t<\/div>\n\t\t\t\t<\/div>\n\t\t\t\t<\/div>\n\t\t<div class=\"elementor-element elementor-element-8bb0f15 e-con-full e-flex e-con e-child\" data-id=\"8bb0f15\" data-element_type=\"container\">\n\t\t\t\t<div class=\"elementor-element elementor-element-ba45a9a elementor-widget elementor-widget-image\" data-id=\"ba45a9a\" data-element_type=\"widget\" data-widget_type=\"image.default\">\n\t\t\t\t<div class=\"elementor-widget-container\">\n\t\t\t\t\t\t\t\t\t\t\t\t\t\t\t<img fetchpriority=\"high\" decoding=\"async\" width=\"640\" height=\"480\" src=\"https:\/\/maghrebalghad.com\/wp-content\/uploads\/2025\/06\/maroc-futur-1.png\" class=\"attachment-large size-large wp-image-3304\" alt=\"\" srcset=\"https:\/\/maghrebalghad.com\/wp-content\/uploads\/2025\/06\/maroc-futur-1.png 800w, https:\/\/maghrebalghad.com\/wp-content\/uploads\/2025\/06\/maroc-futur-1-600x450.png 600w, https:\/\/maghrebalghad.com\/wp-content\/uploads\/2025\/06\/maroc-futur-1-300x225.png 300w, https:\/\/maghrebalghad.com\/wp-content\/uploads\/2025\/06\/maroc-futur-1-768x576.png 768w\" sizes=\"(max-width: 640px) 100vw, 640px\" \/>\t\t\t\t\t\t\t\t\t\t\t\t\t\t\t<\/div>\n\t\t\t\t<\/div>\n\t\t\t\t<\/div>\n\t\t\t\t\t<\/div>\n\t\t\t\t<\/div>\n\t\t<div class=\"elementor-element elementor-element-85d875c e-flex e-con-boxed e-con e-parent\" data-id=\"85d875c\" data-element_type=\"container\" data-settings=\"{&quot;background_background&quot;:&quot;classic&quot;}\">\n\t\t\t\t\t<div class=\"e-con-inner\">\n\t\t\t\t<div class=\"elementor-element elementor-element-b157116 elementor-widget elementor-widget-heading\" data-id=\"b157116\" data-element_type=\"widget\" data-widget_type=\"heading.default\">\n\t\t\t\t<div class=\"elementor-widget-container\">\n\t\t\t\t\t<h2 class=\"elementor-heading-title elementor-size-default\">Notre vision<\/h2>\t\t\t\t<\/div>\n\t\t\t\t<\/div>\n\t\t<div class=\"elementor-element elementor-element-813939b e-con-full e-flex e-con e-child\" data-id=\"813939b\" data-element_type=\"container\" data-settings=\"{&quot;background_background&quot;:&quot;classic&quot;}\">\n\t\t<div class=\"elementor-element elementor-element-5a93b40 e-con-full e-flex e-con e-child\" data-id=\"5a93b40\" data-element_type=\"container\" data-settings=\"{&quot;background_background&quot;:&quot;classic&quot;}\">\n\t\t\t\t<div class=\"elementor-element elementor-element-1ff77dd elementor-view-default elementor-position-top elementor-mobile-position-top elementor-widget elementor-widget-icon-box\" data-id=\"1ff77dd\" data-element_type=\"widget\" data-widget_type=\"icon-box.default\">\n\t\t\t\t<div class=\"elementor-widget-container\">\n\t\t\t\t\t\t\t<div class=\"elementor-icon-box-wrapper\">\n\n\t\t\t\t\t\t<div class=\"elementor-icon-box-icon\">\n\t\t\t\t<span  class=\"elementor-icon\">\n\t\t\t\t<svg aria-hidden=\"true\" class=\"e-font-icon-svg e-far-check-circle\" viewbox=\"0 0 512 512\" xmlns=\"http:\/\/www.w3.org\/2000\/svg\"><path d=\"M256 8C119.033 8 8 119.033 8 256s111.033 248 248 248 248-111.033 248-248S392.967 8 256 8zm0 48c110.532 0 200 89.451 200 200 0 110.532-89.451 200-200 200-110.532 0-200-89.451-200-200 0-110.532 89.451-200 200-200m140.204 130.267l-22.536-22.718c-4.667-4.705-12.265-4.736-16.97-.068L215.346 303.697l-59.792-60.277c-4.667-4.705-12.265-4.736-16.97-.069l-22.719 22.536c-4.705 4.667-4.736 12.265-.068 16.971l90.781 91.516c4.667 4.705 12.265 4.736 16.97.068l172.589-171.204c4.704-4.668 4.734-12.266.067-16.971z\"><\/path><\/svg>\t\t\t\t<\/span>\n\t\t\t<\/div>\n\t\t\t\n\t\t\t\t\t\t<div class=\"elementor-icon-box-content\">\n\n\t\t\t\t\n\t\t\t\t\t\t\t\t\t<p class=\"elementor-icon-box-description\">\n\t\t\t\t\t\tNous croyons en un Maroc du futur port\u00e9 par sa jeunesse, ancr\u00e9 dans ses valeurs, ouvert sur le monde et r\u00e9solument tourn\u00e9 vers l\u2019innovation et la durabilit\u00e9.\t\t\t\t\t<\/p>\n\t\t\t\t\n\t\t\t<\/div>\n\t\t\t\n\t\t<\/div>\n\t\t\t\t\t\t<\/div>\n\t\t\t\t<\/div>\n\t\t\t\t<\/div>\n\t\t<div class=\"elementor-element elementor-element-f3a8f85 e-con-full e-flex e-con e-child\" data-id=\"f3a8f85\" data-element_type=\"container\" data-settings=\"{&quot;background_background&quot;:&quot;classic&quot;}\">\n\t\t\t\t<div class=\"elementor-element elementor-element-2818678 elementor-view-default elementor-position-top elementor-mobile-position-top elementor-widget elementor-widget-icon-box\" data-id=\"2818678\" data-element_type=\"widget\" data-widget_type=\"icon-box.default\">\n\t\t\t\t<div class=\"elementor-widget-container\">\n\t\t\t\t\t\t\t<div class=\"elementor-icon-box-wrapper\">\n\n\t\t\t\t\t\t<div class=\"elementor-icon-box-icon\">\n\t\t\t\t<span  class=\"elementor-icon\">\n\t\t\t\t<svg aria-hidden=\"true\" class=\"e-font-icon-svg e-far-check-circle\" viewbox=\"0 0 512 512\" xmlns=\"http:\/\/www.w3.org\/2000\/svg\"><path d=\"M256 8C119.033 8 8 119.033 8 256s111.033 248 248 248 248-111.033 248-248S392.967 8 256 8zm0 48c110.532 0 200 89.451 200 200 0 110.532-89.451 200-200 200-110.532 0-200-89.451-200-200 0-110.532 89.451-200 200-200m140.204 130.267l-22.536-22.718c-4.667-4.705-12.265-4.736-16.97-.068L215.346 303.697l-59.792-60.277c-4.667-4.705-12.265-4.736-16.97-.069l-22.719 22.536c-4.705 4.667-4.736 12.265-.068 16.971l90.781 91.516c4.667 4.705 12.265 4.736 16.97.068l172.589-171.204c4.704-4.668 4.734-12.266.067-16.971z\"><\/path><\/svg>\t\t\t\t<\/span>\n\t\t\t<\/div>\n\t\t\t\n\t\t\t\t\t\t<div class=\"elementor-icon-box-content\">\n\n\t\t\t\t\n\t\t\t\t\t\t\t\t\t<p class=\"elementor-icon-box-description\">\n\t\t\t\t\t\tMaghreb Al Ghad aspire \u00e0 accompagner l\u2019\u00e9mergence d\u2019un pays o\u00f9 chaque citoyen peut jouer un r\u00f4le actif dans le d\u00e9veloppement collectif. \u00c0 long terme, nous esp\u00e9rons b\u00e2tir un cadre de mobilisation capable de relier les id\u00e9es et les talents, pour r\u00e9pondre ensemble aux d\u00e9fis de demain.\t\t\t\t\t<\/p>\n\t\t\t\t\n\t\t\t<\/div>\n\t\t\t\n\t\t<\/div>\n\t\t\t\t\t\t<\/div>\n\t\t\t\t<\/div>\n\t\t\t\t<\/div>\n\t\t<div class=\"elementor-element elementor-element-18a9e38 e-con-full e-flex e-con e-child\" data-id=\"18a9e38\" data-element_type=\"container\" data-settings=\"{&quot;background_background&quot;:&quot;classic&quot;}\">\n\t\t\t\t<div class=\"elementor-element elementor-element-e51d71a elementor-view-default elementor-position-top elementor-mobile-position-top elementor-widget elementor-widget-icon-box\" data-id=\"e51d71a\" data-element_type=\"widget\" data-widget_type=\"icon-box.default\">\n\t\t\t\t<div class=\"elementor-widget-container\">\n\t\t\t\t\t\t\t<div class=\"elementor-icon-box-wrapper\">\n\n\t\t\t\t\t\t<div class=\"elementor-icon-box-icon\">\n\t\t\t\t<span  class=\"elementor-icon\">\n\t\t\t\t<svg aria-hidden=\"true\" class=\"e-font-icon-svg e-far-check-circle\" viewbox=\"0 0 512 512\" xmlns=\"http:\/\/www.w3.org\/2000\/svg\"><path d=\"M256 8C119.033 8 8 119.033 8 256s111.033 248 248 248 248-111.033 248-248S392.967 8 256 8zm0 48c110.532 0 200 89.451 200 200 0 110.532-89.451 200-200 200-110.532 0-200-89.451-200-200 0-110.532 89.451-200 200-200m140.204 130.267l-22.536-22.718c-4.667-4.705-12.265-4.736-16.97-.068L215.346 303.697l-59.792-60.277c-4.667-4.705-12.265-4.736-16.97-.069l-22.719 22.536c-4.705 4.667-4.736 12.265-.068 16.971l90.781 91.516c4.667 4.705 12.265 4.736 16.97.068l172.589-171.204c4.704-4.668 4.734-12.266.067-16.971z\"><\/path><\/svg>\t\t\t\t<\/span>\n\t\t\t<\/div>\n\t\t\t\n\t\t\t\t\t\t<div class=\"elementor-icon-box-content\">\n\n\t\t\t\t\n\t\t\t\t\t\t\t\t\t<p class=\"elementor-icon-box-description\">\n\t\t\t\t\t\tCette vision est ambitieuse, mais profond\u00e9ment ancr\u00e9e dans les r\u00e9alit\u00e9s du terrain. Elle guide notre action quotidienne et inspire l\u2019ensemble des initiatives que nous souhaitons faire \u00e9clore dans les ann\u00e9es \u00e0 venir.\t\t\t\t\t<\/p>\n\t\t\t\t\n\t\t\t<\/div>\n\t\t\t\n\t\t<\/div>\n\t\t\t\t\t\t<\/div>\n\t\t\t\t<\/div>\n\t\t\t\t<\/div>\n\t\t\t\t<\/div>\n\t\t\t\t\t<\/div>\n\t\t\t\t<\/div>\n\t\t<div class=\"elementor-element elementor-element-7bf3752 e-flex e-con-boxed e-con e-parent\" data-id=\"7bf3752\" data-element_type=\"container\" data-settings=\"{&quot;background_background&quot;:&quot;classic&quot;}\">\n\t\t\t\t\t<div class=\"e-con-inner\">\n\t\t<div class=\"elementor-element elementor-element-ee99695 e-flex e-con-boxed e-con e-child\" data-id=\"ee99695\" data-element_type=\"container\">\n\t\t\t\t\t<div class=\"e-con-inner\">\n\t\t\t\t<div class=\"elementor-element elementor-element-8360dc1 elementor-widget elementor-widget-heading\" data-id=\"8360dc1\" data-element_type=\"widget\" data-widget_type=\"heading.default\">\n\t\t\t\t<div class=\"elementor-widget-container\">\n\t\t\t\t\t<h2 class=\"elementor-heading-title elementor-size-default\">Nos objectifs<\/h2>\t\t\t\t<\/div>\n\t\t\t\t<\/div>\n\t\t\t\t<div class=\"elementor-element elementor-element-f6459d6 elementor-widget elementor-widget-indostio-info-list\" data-id=\"f6459d6\" data-element_type=\"widget\" data-widget_type=\"indostio-info-list.default\">\n\t\t\t\t<div class=\"elementor-widget-container\">\n\t\t\t\t\t\t\t<div class=\"indostio-info-list\" role=\"tablist\">\r\n\t\t\t\t\t\t\t<a href=\"#\" class=\"indostio-info-list__item\">\r\n\t\t\t\t\t\t\t\t\t\t\t\r\n\t\t\t\t\t\t<div class=\"indostio-info-list__number\">01<\/div>\r\n\t\t\t\t\t\t\r\n\t\t\t\t\t\t<div class=\"indostio-info-list__content\">\r\n\t\t\t\t\t\t<div class=\"indostio-info-list_title\">\r\n\t\t\t\t\t\t\tSoutenir les priorit\u00e9s nationales, \t\t\t\t\t\t<\/div>\r\n\t\t\t\t\t\t<div class=\"indostio-info-list_content\"><p>en particulier celles port\u00e9es par le NMD.<\/p><\/div>\r\n\t\t\t\t\t<\/div>\r\n\t\t\t\t<\/a>\r\n\t\t\t\t\t\t\t<a href=\"#\" class=\"indostio-info-list__item\">\r\n\t\t\t\t\t\t\t\t\t\t\t\r\n\t\t\t\t\t\t<div class=\"indostio-info-list__number\">02<\/div>\r\n\t\t\t\t\t\t\r\n\t\t\t\t\t\t<div class=\"indostio-info-list__content\">\r\n\t\t\t\t\t\t<div class=\"indostio-info-list_title\">\r\n\t\t\t\t\t\t\tMobiliser les professionnels, les experts et la soci\u00e9t\u00e9 civile \t\t\t\t\t\t<\/div>\r\n\t\t\t\t\t\t<div class=\"indostio-info-list_content\"><p>autour d\u2019initiatives concr\u00e8tes et inclusives.<\/p><\/div>\r\n\t\t\t\t\t<\/div>\r\n\t\t\t\t<\/a>\r\n\t\t\t\t\t\t\t<a href=\"#\" class=\"indostio-info-list__item\">\r\n\t\t\t\t\t\t\t\t\t\t\t\r\n\t\t\t\t\t\t<div class=\"indostio-info-list__number\">03<\/div>\r\n\t\t\t\t\t\t\r\n\t\t\t\t\t\t<div class=\"indostio-info-list__content\">\r\n\t\t\t\t\t\t<div class=\"indostio-info-list_title\">\r\n\t\t\t\t\t\t\tEncourager l\u2019\u00e9ducation et la formation, \t\t\t\t\t\t<\/div>\r\n\t\t\t\t\t\t<div class=\"indostio-info-list_content\"><p>comme leviers fondamentaux du d\u00e9veloppement.<\/p><\/div>\r\n\t\t\t\t\t<\/div>\r\n\t\t\t\t<\/a>\r\n\t\t\t\t\t\t\t<a href=\"#\" class=\"indostio-info-list__item\">\r\n\t\t\t\t\t\t\t\t\t\t\t\r\n\t\t\t\t\t\t<div class=\"indostio-info-list__number\">04<\/div>\r\n\t\t\t\t\t\t\r\n\t\t\t\t\t\t<div class=\"indostio-info-list__content\">\r\n\t\t\t\t\t\t<div class=\"indostio-info-list_title\">\r\n\t\t\t\t\t\t\tPr\u00e9parer un avenir r\u00e9gionalis\u00e9, \t\t\t\t\t\t<\/div>\r\n\t\t\t\t\t\t<div class=\"indostio-info-list_content\"><p>\u00a0en construisant un r\u00e9seau de projets pilotes \u00e0 fort impact local.<\/p><\/div>\r\n\t\t\t\t\t<\/div>\r\n\t\t\t\t<\/a>\r\n\t\t\t\t\t<\/div>\r\n\t\t\t\t\t\t<\/div>\n\t\t\t\t<\/div>\n\t\t\t\t\t<\/div>\n\t\t\t\t<\/div>\n\t\t<div class=\"elementor-element elementor-element-a74a7ff e-con-full e-flex e-con e-child\" data-id=\"a74a7ff\" data-element_type=\"container\">\n\t\t\t\t<div class=\"elementor-element elementor-element-6a45d07 elementor-widget elementor-widget-indostio-image\" data-id=\"6a45d07\" data-element_type=\"widget\" data-widget_type=\"indostio-image.default\">\n\t\t\t\t<div class=\"elementor-widget-container\">\n\t\t\t\t\t\t\t<div class=\"indostio-image\">\r\n\t\t\t<div class=\"indostio-image__link\">\t\t\t\t\t\t\t<div class=\"indostio-image_icon indostio-svg-icon\">\r\n\t\t\t\t\t<svg xmlns=\"http:\/\/www.w3.org\/2000\/svg\" width=\"50\" height=\"51\" viewbox=\"0 0 50 51\" fill=\"none\"><path d=\"M12.4409 13.576V14.3494C12.4409 14.9018 12.8276 15.2885 13.38 15.2885H33.0464L12.3304 36.0046C11.9437 36.3913 11.9989 36.9989 12.3304 37.3304L12.8828 37.8828C13.2695 38.2695 13.8219 38.2695 14.2086 37.8828L34.9247 17.1668L34.9799 36.8884C34.9799 37.4409 35.3666 37.8276 35.919 37.8276H36.6924C37.2449 37.8276 37.6316 37.4409 37.6316 36.8884V13.576C37.6316 13.0236 37.2449 12.6369 36.6924 12.6369H13.38C12.8276 12.6369 12.4409 13.0236 12.4409 13.576Z\" fill=\"currentColor\"><\/path><\/svg>\t\t\t\t<\/div>\r\n\t\t\t\t\t\t<img decoding=\"async\" src=\"https:\/\/maghrebalghad.com\/wp-content\/uploads\/2025\/06\/objectif.png\" title=\"objectif\" alt=\"objectif\" loading=\"lazy\" \/>\t\t\t<\/div>\t\t<\/div>\r\n\t\t\t\t\t\t<\/div>\n\t\t\t\t<\/div>\n\t\t\t\t<\/div>\n\t\t\t\t\t<\/div>\n\t\t\t\t<\/div>\n\t\t\t\t<\/div>","protected":false},"excerpt":{"rendered":"<p>\u00c0 PROPOS DE MAGHREB AL GHAD Maghreb Al Ghad est une initiative citoyenne marocaine qui f\u00e9d\u00e8re des comp\u00e9tences, des expertises et des volont\u00e9s engag\u00e9es au service du d\u00e9veloppement du Royaume. Elle s\u2019inscrit dans l\u2019esprit du Nouveau Mod\u00e8le de D\u00e9veloppement (NMD) et entend contribuer, \u00e0 son \u00e9chelle, \u00e0 faire \u00e9merger un Maroc moderne, solidaire et durable. [&hellip;]<\/p>","protected":false},"author":1,"featured_media":0,"parent":0,"menu_order":0,"comment_status":"closed","ping_status":"closed","template":"","meta":{"footnotes":""},"class_list":["post-3292","page","type-page","status-publish","hentry"],"_links":{"self":[{"href":"https:\/\/maghrebalghad.com\/en\/wp-json\/wp\/v2\/pages\/3292","targetHints":{"allow":["GET"]}}],"collection":[{"href":"https:\/\/maghrebalghad.com\/en\/wp-json\/wp\/v2\/pages"}],"about":[{"href":"https:\/\/maghrebalghad.com\/en\/wp-json\/wp\/v2\/types\/page"}],"author":[{"embeddable":true,"href":"https:\/\/maghrebalghad.com\/en\/wp-json\/wp\/v2\/users\/1"}],"replies":[{"embeddable":true,"href":"https:\/\/maghrebalghad.com\/en\/wp-json\/wp\/v2\/comments?post=3292"}],"version-history":[{"count":22,"href":"https:\/\/maghrebalghad.com\/en\/wp-json\/wp\/v2\/pages\/3292\/revisions"}],"predecessor-version":[{"id":3318,"href":"https:\/\/maghrebalghad.com\/en\/wp-json\/wp\/v2\/pages\/3292\/revisions\/3318"}],"wp:attachment":[{"href":"https:\/\/maghrebalghad.com\/en\/wp-json\/wp\/v2\/media?parent=3292"}],"curies":[{"name":"wp","href":"https:\/\/api.w.org\/{rel}","templated":true}]}}